{"id":2767,"date":"2009-01-11T17:59:56","date_gmt":"2009-01-11T17:59:56","guid":{"rendered":"http:\/\/18"},"modified":"2020-08-10T18:14:34","modified_gmt":"2020-08-10T17:14:34","slug":"bibliographie","status":"publish","type":"page","link":"https:\/\/ancien.siefar.org\/en\/la-guerre-des-mots\/bibliographie\/","title":{"rendered":"Bibliography"},"content":{"rendered":"<div class=\"corpsTexte\" style=\"text-align: justify;\"><span style=\"font-size: 12pt;\"><br \/> &#8211; Ayres-Bennet, Wendy\u00a0<\/span><\/div>\n<ul>\n<li class=\"corpsTexte\" style=\"text-align: justify;\">avec Magali Seijido, <em>Remarques et observations sur la langue fran\u00e7aise. Histoire et \u00e9volution d&#8217;un genre,<\/em> Pari, Editions Classiques Garnier, 2011 (contient une discussion de l&#8217;ouvrage <em>Observations sur la langue fran\u00e7aise<\/em> de Marguerite Buffet,1668)<\/li>\n<li class=\"corpsTexte\" style=\"text-align: justify;\"><span style=\"font-size: 12pt;\"><a href=\"http:\/\/www.siefar.org\/publications-articles\/sociolinguistic-variation-in-seventeenth-century-france.html\"><em>Sociolinguistic Variation in Seventeenth-Century France<\/em><\/a>, Cambridge, Cambridge UP, 2004.<\/span><\/li>\n<li class=\"corpsTexte\" style=\"text-align: justify;\"><span style=\"font-size: 12pt;\"><em><a href=\"https:\/\/www.persee.fr\/issue\/hel_0750-8069_1994_num_16_2\">La Grammaire des dames<\/a>,<\/em> num\u00e9ro sp\u00e9cial de <em>Histoire, Epist\u00e9mologie, Language<\/em>, 16-2, 1994.<br \/> <\/span><\/li>\n<li class=\"corpsTexte\" style=\"text-align: justify;\"><span style=\"font-size: 12pt;\">\u00abLe R\u00f4le des femmes dans l&#8217;\u00e9laboration des id\u00e9es linguistiques au XVIIe si\u00e8cle en France\u00bb, <em>Histoire, Epist\u00e9mologie, Language<\/em>, 16-2, 1994 (\u00abLa Grammaire des dames\u00bb), p.35-53.<br \/> <\/span><span style=\"font-size: 12pt;\">\u00abWomen and Grammar in Seventeenth-Century France\u00bb, <em>Seventeenth-Century French Studies<\/em>, 12, 1990, p.5-25.<\/span><\/li>\n<\/ul>\n<div class=\"corpsTexte\" style=\"text-align: justify;\">\u00a0<\/div>\n<div class=\"corpsTexte\" style=\"text-align: justify;\"><span style=\"font-size: 12pt;\"> &#8211; Evain, Aurore, \u00ab<a href=\"http:\/\/siefar.org\/wp-content\/uploads\/2009\/01\/Histoire-d-autrice-AEvain.pdf\">Histoire d&#8217;Autrice, de l&#8217;\u00e9poque latine \u00e0 nos jours<\/a>\u00bb, <em>S\u00caM\u00c9ION<\/em>, Universit\u00e9 Paris Descartes, n\u00b06, f\u00e9vrier 2008. Version actualis\u00e9e et pr\u00e9fac\u00e9e par Aurore Evain, suivie d&#8217;une adaptation th\u00e9\u00e2trale de sa recherche par Sarah P\u00e8pe\u00a0<em>Presqu&#8217;illes\u00a0<\/em>:\u00a0Editions iXe, avril 2019.<\/span><\/div>\n<div class=\"corpsTexte\" style=\"text-align: justify;\">\u00a0<\/div>\n<div class=\"corpsTexte\" style=\"text-align: justify;\">&#8211; Hertz, Ellen,\u00ab<a href=\"https:\/\/doc.rero.ch\/record\/19978\">Le Matrimoine<\/a>\u00bb, Le Mus\u00e9e cannibale (mus\u00e9e d&#8217;ethnographie de Neuch\u00e2tel),\u200e 2002, p.153-168.<\/div>\n<div class=\"corpsTexte\" style=\"text-align: justify;\"><span style=\"font-size: 12pt;\"><br \/> &#8211; Lasserre, Audrey, <a href=\"https:\/\/books.openedition.org\/psn\/1296?lang=fr\">\u00abLa disparition: enqu\u00eate sur la \u201cf\u00e9minisation\u201d des termes auteur et \u00e9crivain\u00bb<\/a>, in Johan Faerber, Mathilde Barraband, Aur\u00e9lien Pigeat (dir.), <em>Le Mot juste : des mots \u00e0 l&#8217;essai aux mots \u00e0 l&#8217;\u0153uvre<\/em>, Paris, Presses Sorbonne Nouvelle, 2006, p.51-68<\/span><\/div>\n<div class=\"corpsTexte\" style=\"text-align: justify;\">\n<p align=\"JUSTIFY\"><span style=\"font-size: 12pt;\"><span style=\"font-size: 12pt;\"><br \/> &#8211;\u00a0<\/span><\/span><span style=\"font-family: Arial, serif;\">Michel, Lucy, <a href=\"http:\/\/www.implications-philosophiques.org\/actualite\/une\/le-neutre-dune-langue-sans-neutre\/\">\u00abLe neutre d\u2019une langue sans neutre\u00bb<\/a>, dans\u00a0<\/span><span style=\"font-family: Arial, serif;\"><i>La relation entre genre grammatical et d\u00e9nomination de la personne en langue fran\u00e7aise: approches s\u00e9mantiques<\/i><\/span><span style=\"font-family: Arial, serif;\">, th\u00e8se, Universit\u00e9 de Dijon, 2016<\/span><\/p>\n<\/div>\n<div class=\"corpsTexte\" style=\"text-align: justify;\"><span style=\"font-size: 12pt;\"> &#8211; \u0160tichauer, Jaroslav, \u00ab<a href=\"https:\/\/www.eer.cz\/files\/eer_I-1-01-stichauer.pdf\">Amatrice, autrice, cantateur (le discours sur les f\u00e9minins en \u2013trice aux XVIIe et XVIIIe si\u00e8cles)<\/a>\u00bb, <em>\u00c9cho des \u00e9tudes romanes<\/em>, vol.1, n\u00b01, p.7<\/span><\/div>\n<div class=\"corpsTexte\" style=\"text-align: justify;\"><span style=\"font-size: 12pt;\"><br \/> &#8211; Viennot, Eliane<br \/> <\/span><\/div>\n<div class=\"corpsTexte\" style=\"text-align: justify;\">\n<ul>\n<li class=\"listeNoire\"><span style=\"font-size: 12pt;\"><em><a href=\"http:\/\/www.siefar.org\/publications-articles\/non-le-masculin-ne-l-emporte-pas-sur-le-feminin.html\">Non, le masculin ne l\u2019emporte pas sur le f\u00e9minin ! Petite Histoire des r\u00e9sistances de la langue fran\u00e7aise<\/a>,<\/em> Paris, Edition iXe, 2014. 2\u00e8me \u00e9dition 2017<\/span><\/li>\n<li class=\"listeNoire\"><span style=\"font-size: 12pt;\"><a href=\"http:\/\/www.elianeviennot.fr\/Articles\/Viennot-Querelle-langue.pdf\">\u00abLa Querelle de la langue<\/a>\u00bb, in <em>La France, les femmes et le pouvoir, 2. Les r\u00e9sistances de la soci\u00e9t\u00e9 (17e-18e si\u00e8cles)<\/em>, Paris, Perrin, 2008 (p.78-84)<\/span><\/li>\n<li class=\"listeNoire\">(dir.), <a href=\"http:\/\/www.elianeviennot.fr\/Livres\/Academie-2016.html\"><em>L\u2019Acad\u00e9mie contre la langue fran\u00e7aise: le dossier \u00abf\u00e9minisation<\/em><\/a>\u00bb. Donnemarie-Dontilly, \u00c9ditions iXe, 2016<\/li>\n<li class=\"listeNoire\">\u00ab<a href=\"https:\/\/blogterrain.hypotheses.org\/11453\">L\u2019\u00e9criture inclusive, une nouveaut\u00e9?<\/a>\u00bb, Blog de la revue Carnets de Terrain, 12 octobre 2018<\/li>\n<li class=\"listeNoire\">\n<p>\u00ab<a href=\"http:\/\/www.elianeviennot.fr\/Langue\/Viennot-Genrer-degenrer.pdf\">Genrer, d\u00e9genrer, regenrer: la langue, un terrain de lutte pas comme les autres<\/a>\u00bb, in Christine Bard et Fr\u00e9d\u00e9rique Le Nan (dir.), <em>Dire le genre. Avec les mots, avec le corps<\/em>, Paris, CNRS \u00e9ditions, 2019, p.271-296<\/p>\n<\/li>\n<\/ul>\n<\/div>\n<div class=\"corpsTexte\" style=\"text-align: justify;\"><span style=\"font-size: 12pt;\"> &#8211; Zobermann, Pierre, \u00abNo Place for (a) Woman: The Generic Use of &#8220;l\u2019homme\/les hommes&#8221; as a Gendered Discursive and Cultural Topos\u00bb, in W. Brooks, Ch. McCall Probes &amp; R. Zaiser (dir.), <em>Lieux de culture dans la France du XVIIe si\u00e8cle<\/em>, Oxford, Bern\u2026, Peter Lang, 2012<\/span><\/div>\n<div class=\"corpsTexte\" style=\"text-align: justify;\"><span style=\"font-size: 12pt;\">\u00a0<\/span><\/div>\n<p><span style=\"font-size: 12pt;\">\u00a0<\/span><\/p>\n","protected":false},"excerpt":{"rendered":"<p>&#8211; Ayres-Bennet, Wendy\u00a0 avec Magali Seijido, Remarques et observations sur la langue fran\u00e7aise. Histoire et \u00e9volution d&#8217;un genre, Pari, Editions Classiques Garnier, 2011 (contient une discussion de l&#8217;ouvrage Observations sur [&hellip;]<\/p>\n","protected":false},"author":14,"featured_media":0,"parent":2754,"menu_order":0,"comment_status":"closed","ping_status":"closed","template":"","meta":{"_price":"","_stock":"","_tribe_ticket_header":"","_tribe_default_ticket_provider":"","_tribe_ticket_capacity":"0","_ticket_start_date":"","_ticket_end_date":"","_tribe_ticket_show_description":"","_tribe_ticket_show_not_going":false,"_tribe_ticket_use_global_stock":"","_tribe_ticket_global_stock_level":"","_global_stock_mode":"","_global_stock_cap":"","_tribe_rsvp_for_event":"","_tribe_ticket_going_count":"","_tribe_ticket_not_going_count":"","_tribe_tickets_list":[],"_tribe_ticket_has_attendee_info_fields":false},"translation":{"provider":"WPGlobus","version":"3.0.0","language":"en","enabled_languages":["fr","en"],"languages":{"fr":{"title":true,"content":true,"excerpt":false},"en":{"title":true,"content":false,"excerpt":false}}},"ticketed":false,"_links":{"self":[{"href":"https:\/\/ancien.siefar.org\/en\/wp-json\/wp\/v2\/pages\/2767"}],"collection":[{"href":"https:\/\/ancien.siefar.org\/en\/wp-json\/wp\/v2\/pages"}],"about":[{"href":"https:\/\/ancien.siefar.org\/en\/wp-json\/wp\/v2\/types\/page"}],"author":[{"embeddable":true,"href":"https:\/\/ancien.siefar.org\/en\/wp-json\/wp\/v2\/users\/14"}],"replies":[{"embeddable":true,"href":"https:\/\/ancien.siefar.org\/en\/wp-json\/wp\/v2\/comments?post=2767"}],"version-history":[{"count":3,"href":"https:\/\/ancien.siefar.org\/en\/wp-json\/wp\/v2\/pages\/2767\/revisions"}],"predecessor-version":[{"id":8519,"href":"https:\/\/ancien.siefar.org\/en\/wp-json\/wp\/v2\/pages\/2767\/revisions\/8519"}],"up":[{"embeddable":true,"href":"https:\/\/ancien.siefar.org\/en\/wp-json\/wp\/v2\/pages\/2754"}],"wp:attachment":[{"href":"https:\/\/ancien.siefar.org\/en\/wp-json\/wp\/v2\/media?parent=2767"}],"curies":[{"name":"wp","href":"https:\/\/api.w.org\/{rel}","templated":true}]}}